{"id":1397,"date":"2022-11-08T12:19:13","date_gmt":"2022-11-08T12:19:13","guid":{"rendered":"http:\/\/kapitaenmullebutz.lu\/?page_id=1397"},"modified":"2024-11-25T21:56:39","modified_gmt":"2024-11-25T21:56:39","slug":"neiegkeeten","status":"publish","type":"page","link":"http:\/\/kapitaenmullebutz.lu\/?page_id=1397","title":{"rendered":"Neiegkeeten"},"content":{"rendered":"\n<p><\/p>\n\n\n\n<p>Lauschtert den 29.11.2024 d&#8217;Kannerradionuecht um Radio 100,7. De Kapit\u00e4n Mullebutz ass Iwwerraschungsgaascht!  Vill\u00e4icht spillt hien en neit Lidd op senger Ukulele?!<\/p>\n\n\n\n<p>Info: <a rel=\"noreferrer noopener\" href=\"https:\/\/www.kannerradionuecht.lu\/?fbclid=IwZXh0bgNhZW0CMTAAAR3SqxNd2IboyBn7kz3gpyEOqQCPc1TOgOwzNapMSwxfVWB3NGKlRebmfCI_aem__ThFsA_iCDgOUo_-jLhxhw\" target=\"_blank\">https:\/\/www.kannerradionuecht.lu<\/a><\/p>\n\n\n\n<figure class=\"wp-block-image size-large\"><img loading=\"lazy\" decoding=\"async\" width=\"1024\" height=\"910\" src=\"http:\/\/kapitaenmullebutz.lu\/wp-content\/uploads\/2024\/11\/Kannerradionuecht-Logo-new_-1024x910.png\" alt=\"\" class=\"wp-image-1860\" srcset=\"http:\/\/kapitaenmullebutz.lu\/wp-content\/uploads\/2024\/11\/Kannerradionuecht-Logo-new_-1024x910.png 1024w, http:\/\/kapitaenmullebutz.lu\/wp-content\/uploads\/2024\/11\/Kannerradionuecht-Logo-new_-300x267.png 300w, http:\/\/kapitaenmullebutz.lu\/wp-content\/uploads\/2024\/11\/Kannerradionuecht-Logo-new_-768x683.png 768w, http:\/\/kapitaenmullebutz.lu\/wp-content\/uploads\/2024\/11\/Kannerradionuecht-Logo-new_-337x300.png 337w, http:\/\/kapitaenmullebutz.lu\/wp-content\/uploads\/2024\/11\/Kannerradionuecht-Logo-new_.png 1270w\" sizes=\"auto, (max-width: 1024px) 100vw, 1024px\" \/><figcaption class=\"wp-element-caption\">Stina Fisch<\/figcaption><\/figure>\n\n\n\n<p><\/p>\n\n\n\n<p>DE NEIEN ALBUM ASS DO: <strong>DE KAPIT\u00c4N MULLEBUTZ A SENG S\u00c9ISSWAASSERMATROUSEN SI SCHNEEKEG! LIDDER FIR ZE SCHNEEKEN, FIR KLENG A GROUSS<\/strong><\/p>\n\n\n\n<p>Den neien Album kritt der an eisem <a href=\"http:\/\/kapitaenmullebutz.lu\/?page_id=262\">Mullebuttek<\/a> oder op engem vun eisen n\u00e4chste <a href=\"http:\/\/kapitaenmullebutz.lu\/?page_id=184\">Concerten<\/a>.<\/p>\n\n\n\n<figure class=\"wp-block-image alignnone is-resized\"><a href=\"https:\/\/allerretour-luxembourg.sumupstore.com\/\"><img loading=\"lazy\" decoding=\"async\" src=\"http:\/\/kapitaenmullebutz.lu\/wp-content\/uploads\/2022\/11\/Screenshot-2022-11-06-at-13.47.06-300x268.png\" alt=\"\" class=\"wp-image-1275\" width=\"348\" height=\"309\"\/><\/a><figcaption class=\"wp-element-caption\">\u00a9 Claude Grosch \/ Tessy Margue<\/figcaption><\/figure>\n\n\n<div class=\"wp-block-image\">\n<figure class=\"alignleft is-resized\"><a href=\"https:\/\/allerretour-luxembourg.sumupstore.com\/\"><img loading=\"lazy\" decoding=\"async\" src=\"http:\/\/kapitaenmullebutz.lu\/wp-content\/uploads\/2022\/11\/Screenshot-2022-11-06-at-13.43.00-300x268.png\" alt=\"\" class=\"wp-image-1274\" width=\"362\" height=\"321\"\/><\/a><\/figure><\/div>\n\n\n<p><\/p>\n\n\n\n<p><\/p>\n\n\n\n<p><\/p>\n\n\n\n<p><\/p>\n\n\n\n<p><\/p>\n\n\n\n<p><\/p>\n\n\n\n<p><\/p>\n\n\n\n<p><\/p>\n\n\n\n<p>De Kapit\u00e4n Mullebutz a seng S\u00e9isswaassermatrousen hunn er\u00ebm Buedem \u00ebnnert de F\u00e9iss. De Kapit\u00e4n a seng Crew sinn an H\u00e9ichform a k\u00ebnne mat guddem Gew\u00ebssen op hire Bauch lauschteren. &#8218;lo g\u00ebtt gutt gejickt a geschneekt\u2026 hmm! Pechege Kachk\u00e9is, en Zappee, eng laaaaaaang Zoossiss a ganz vill Schockela.<\/p>\n\n\n\n<p>Bekannte Vollekslidder a Songs vum Auguste Donnen, Ren\u00e9 P\u00fctz, Georges Urwald, Jenny Hilger, Ralph Kilburg a Romy Grangenet treffen op &#8218;Greatest Hits&#8216; aus de leschte Joerz\u00e9ngte vun de Beatles, vum Little Richard, vum Limahl, Harry Belafonte, Alphaville oder dem King, dem Elvis Presley.<\/p>\n\n\n\n<p>D\u00e9i erfollegr\u00e4ich Iddi, flott Kannerlidder an en neie M\u00e4ntelchen ze stiechen, Rock a Pop Songs kannergerecht op L\u00ebtzebuergesch ze br\u00e9ngen, kritt en 3te Deel.&nbsp;De Kapit\u00e4n a seng Matrousen invit\u00e9ieren all kleng a grouss Pirate fir mat hinnen ze sangen, ze danzen an ze schneeken.<\/p>\n\n\n\n<p>D\u00ebst Joer si Kanner, d\u00e9i schw\u00e9ier h\u00e9ieren oder daf sinn, extra w\u00ebllkomm op eise Concerten, well mer se mat H\u00ebllef vum V\u00e9ronique Wagner-Steinmetz och an der&nbsp; Geb\u00e4erdesprooch present\u00e9ieren.<\/p>\n\n\n\n<p>E puer Biller aus eiser neier Show:<\/p>\n\n\n<div class=\"wp-block-image size-large wp-image-1600\">\n<figure class=\"aligncenter\"><img loading=\"lazy\" decoding=\"async\" width=\"1024\" height=\"683\" src=\"http:\/\/kapitaenmullebutz.lu\/wp-content\/uploads\/2022\/12\/Mullebutz-3-Philharmonie-\u00a9-Sebastien-Grebille-1-1024x683.jpg\" alt=\"\" class=\"wp-image-1600\" srcset=\"http:\/\/kapitaenmullebutz.lu\/wp-content\/uploads\/2022\/12\/Mullebutz-3-Philharmonie-\u00a9-Sebastien-Grebille-1-1024x683.jpg 1024w, http:\/\/kapitaenmullebutz.lu\/wp-content\/uploads\/2022\/12\/Mullebutz-3-Philharmonie-\u00a9-Sebastien-Grebille-1-300x200.jpg 300w, http:\/\/kapitaenmullebutz.lu\/wp-content\/uploads\/2022\/12\/Mullebutz-3-Philharmonie-\u00a9-Sebastien-Grebille-1-768x512.jpg 768w, http:\/\/kapitaenmullebutz.lu\/wp-content\/uploads\/2022\/12\/Mullebutz-3-Philharmonie-\u00a9-Sebastien-Grebille-1-1536x1024.jpg 1536w, http:\/\/kapitaenmullebutz.lu\/wp-content\/uploads\/2022\/12\/Mullebutz-3-Philharmonie-\u00a9-Sebastien-Grebille-1-2048x1365.jpg 2048w, http:\/\/kapitaenmullebutz.lu\/wp-content\/uploads\/2022\/12\/Mullebutz-3-Philharmonie-\u00a9-Sebastien-Grebille-1-450x300.jpg 450w\" sizes=\"auto, (max-width: 1024px) 100vw, 1024px\" \/><figcaption class=\"wp-element-caption\">\u00a9 S\u00e9bastien Gr\u00e9bille<\/figcaption><\/figure><\/div>\n\n<div class=\"wp-block-image size-large wp-image-1610\">\n<figure class=\"aligncenter\"><img loading=\"lazy\" decoding=\"async\" width=\"1024\" height=\"683\" src=\"http:\/\/kapitaenmullebutz.lu\/wp-content\/uploads\/2022\/12\/Mullebutz-3-Philharmonie-\u00a9-Sebastien-Grebille-23-1024x683.jpg\" alt=\"\" class=\"wp-image-1610\" srcset=\"http:\/\/kapitaenmullebutz.lu\/wp-content\/uploads\/2022\/12\/Mullebutz-3-Philharmonie-\u00a9-Sebastien-Grebille-23-1024x683.jpg 1024w, http:\/\/kapitaenmullebutz.lu\/wp-content\/uploads\/2022\/12\/Mullebutz-3-Philharmonie-\u00a9-Sebastien-Grebille-23-300x200.jpg 300w, http:\/\/kapitaenmullebutz.lu\/wp-content\/uploads\/2022\/12\/Mullebutz-3-Philharmonie-\u00a9-Sebastien-Grebille-23-768x512.jpg 768w, http:\/\/kapitaenmullebutz.lu\/wp-content\/uploads\/2022\/12\/Mullebutz-3-Philharmonie-\u00a9-Sebastien-Grebille-23-1536x1024.jpg 1536w, http:\/\/kapitaenmullebutz.lu\/wp-content\/uploads\/2022\/12\/Mullebutz-3-Philharmonie-\u00a9-Sebastien-Grebille-23-2048x1365.jpg 2048w, http:\/\/kapitaenmullebutz.lu\/wp-content\/uploads\/2022\/12\/Mullebutz-3-Philharmonie-\u00a9-Sebastien-Grebille-23-450x300.jpg 450w\" sizes=\"auto, (max-width: 1024px) 100vw, 1024px\" \/><figcaption class=\"wp-element-caption\">\u00a9 S\u00e9bastien Gr\u00e9bille<\/figcaption><\/figure><\/div>\n\n<div class=\"wp-block-image\">\n<figure class=\"aligncenter\"><img loading=\"lazy\" decoding=\"async\" width=\"1024\" height=\"683\" src=\"http:\/\/kapitaenmullebutz.lu\/wp-content\/uploads\/2022\/12\/Mullebutz-3-Philharmonie-\u00a9-Sebastien-Grebille-14-WEB-1024x683.jpeg\" alt=\"\" class=\"wp-image-1599\" srcset=\"http:\/\/kapitaenmullebutz.lu\/wp-content\/uploads\/2022\/12\/Mullebutz-3-Philharmonie-\u00a9-Sebastien-Grebille-14-WEB-1024x683.jpeg 1024w, http:\/\/kapitaenmullebutz.lu\/wp-content\/uploads\/2022\/12\/Mullebutz-3-Philharmonie-\u00a9-Sebastien-Grebille-14-WEB-300x200.jpeg 300w, http:\/\/kapitaenmullebutz.lu\/wp-content\/uploads\/2022\/12\/Mullebutz-3-Philharmonie-\u00a9-Sebastien-Grebille-14-WEB-768x512.jpeg 768w, http:\/\/kapitaenmullebutz.lu\/wp-content\/uploads\/2022\/12\/Mullebutz-3-Philharmonie-\u00a9-Sebastien-Grebille-14-WEB-1536x1024.jpeg 1536w, http:\/\/kapitaenmullebutz.lu\/wp-content\/uploads\/2022\/12\/Mullebutz-3-Philharmonie-\u00a9-Sebastien-Grebille-14-WEB-2048x1365.jpeg 2048w, http:\/\/kapitaenmullebutz.lu\/wp-content\/uploads\/2022\/12\/Mullebutz-3-Philharmonie-\u00a9-Sebastien-Grebille-14-WEB-450x300.jpeg 450w\" sizes=\"auto, (max-width: 1024px) 100vw, 1024px\" \/><\/figure><\/div>\n\n<div class=\"wp-block-image size-large wp-image-1609\">\n<figure class=\"aligncenter\"><img loading=\"lazy\" decoding=\"async\" width=\"1024\" height=\"683\" src=\"http:\/\/kapitaenmullebutz.lu\/wp-content\/uploads\/2022\/12\/Mullebutz-3-Philharmonie-\u00a9-Sebastien-Grebille-21-1024x683.jpg\" alt=\"\" class=\"wp-image-1609\" srcset=\"http:\/\/kapitaenmullebutz.lu\/wp-content\/uploads\/2022\/12\/Mullebutz-3-Philharmonie-\u00a9-Sebastien-Grebille-21-1024x683.jpg 1024w, http:\/\/kapitaenmullebutz.lu\/wp-content\/uploads\/2022\/12\/Mullebutz-3-Philharmonie-\u00a9-Sebastien-Grebille-21-300x200.jpg 300w, http:\/\/kapitaenmullebutz.lu\/wp-content\/uploads\/2022\/12\/Mullebutz-3-Philharmonie-\u00a9-Sebastien-Grebille-21-768x512.jpg 768w, http:\/\/kapitaenmullebutz.lu\/wp-content\/uploads\/2022\/12\/Mullebutz-3-Philharmonie-\u00a9-Sebastien-Grebille-21-1536x1024.jpg 1536w, http:\/\/kapitaenmullebutz.lu\/wp-content\/uploads\/2022\/12\/Mullebutz-3-Philharmonie-\u00a9-Sebastien-Grebille-21-2048x1365.jpg 2048w, http:\/\/kapitaenmullebutz.lu\/wp-content\/uploads\/2022\/12\/Mullebutz-3-Philharmonie-\u00a9-Sebastien-Grebille-21-450x300.jpg 450w\" sizes=\"auto, (max-width: 1024px) 100vw, 1024px\" \/><figcaption class=\"wp-element-caption\">\u00a9 S\u00e9bastien Gr\u00e9bille<\/figcaption><\/figure><\/div>\n\n<div class=\"wp-block-image size-large wp-image-1602\">\n<figure class=\"aligncenter\"><img loading=\"lazy\" decoding=\"async\" width=\"1024\" height=\"683\" src=\"http:\/\/kapitaenmullebutz.lu\/wp-content\/uploads\/2022\/12\/Mullebutz-3-Philharmonie-\u00a9-Sebastien-Grebille-5-1024x683.jpg\" alt=\"\" class=\"wp-image-1602\" srcset=\"http:\/\/kapitaenmullebutz.lu\/wp-content\/uploads\/2022\/12\/Mullebutz-3-Philharmonie-\u00a9-Sebastien-Grebille-5-1024x683.jpg 1024w, http:\/\/kapitaenmullebutz.lu\/wp-content\/uploads\/2022\/12\/Mullebutz-3-Philharmonie-\u00a9-Sebastien-Grebille-5-300x200.jpg 300w, http:\/\/kapitaenmullebutz.lu\/wp-content\/uploads\/2022\/12\/Mullebutz-3-Philharmonie-\u00a9-Sebastien-Grebille-5-768x512.jpg 768w, http:\/\/kapitaenmullebutz.lu\/wp-content\/uploads\/2022\/12\/Mullebutz-3-Philharmonie-\u00a9-Sebastien-Grebille-5-1536x1024.jpg 1536w, http:\/\/kapitaenmullebutz.lu\/wp-content\/uploads\/2022\/12\/Mullebutz-3-Philharmonie-\u00a9-Sebastien-Grebille-5-2048x1365.jpg 2048w, http:\/\/kapitaenmullebutz.lu\/wp-content\/uploads\/2022\/12\/Mullebutz-3-Philharmonie-\u00a9-Sebastien-Grebille-5-450x300.jpg 450w\" sizes=\"auto, (max-width: 1024px) 100vw, 1024px\" \/><figcaption class=\"wp-element-caption\">\u00a9 S\u00e9bastien Gr\u00e9bille<\/figcaption><\/figure><\/div>\n\n<div class=\"wp-block-image size-large wp-image-1605\">\n<figure class=\"aligncenter\"><img loading=\"lazy\" decoding=\"async\" width=\"1024\" height=\"683\" src=\"http:\/\/kapitaenmullebutz.lu\/wp-content\/uploads\/2022\/12\/Mullebutz-3-Philharmonie-\u00a9-Sebastien-Grebille-11-1024x683.jpg\" alt=\"\" class=\"wp-image-1605\" srcset=\"http:\/\/kapitaenmullebutz.lu\/wp-content\/uploads\/2022\/12\/Mullebutz-3-Philharmonie-\u00a9-Sebastien-Grebille-11-1024x683.jpg 1024w, http:\/\/kapitaenmullebutz.lu\/wp-content\/uploads\/2022\/12\/Mullebutz-3-Philharmonie-\u00a9-Sebastien-Grebille-11-300x200.jpg 300w, http:\/\/kapitaenmullebutz.lu\/wp-content\/uploads\/2022\/12\/Mullebutz-3-Philharmonie-\u00a9-Sebastien-Grebille-11-768x512.jpg 768w, http:\/\/kapitaenmullebutz.lu\/wp-content\/uploads\/2022\/12\/Mullebutz-3-Philharmonie-\u00a9-Sebastien-Grebille-11-1536x1024.jpg 1536w, http:\/\/kapitaenmullebutz.lu\/wp-content\/uploads\/2022\/12\/Mullebutz-3-Philharmonie-\u00a9-Sebastien-Grebille-11-2048x1365.jpg 2048w, http:\/\/kapitaenmullebutz.lu\/wp-content\/uploads\/2022\/12\/Mullebutz-3-Philharmonie-\u00a9-Sebastien-Grebille-11-450x300.jpg 450w\" sizes=\"auto, (max-width: 1024px) 100vw, 1024px\" \/><figcaption class=\"wp-element-caption\">\u00a9 S\u00e9bastien Gr\u00e9bille<\/figcaption><\/figure><\/div>\n\n\n<p>.Hei e klengen Sneack Peak vun engem vun de Lidder op der neier CD:<\/p>\n\n\n\n<figure class=\"wp-block-audio\"><audio controls src=\"http:\/\/kapitaenmullebutz.lu\/wp-content\/uploads\/2022\/11\/Zossiszopp-MIX-rev2-06-11-2022.wav\"><\/audio><\/figure>\n\n\n<div class=\"wp-block-image\">\n<figure class=\"alignleft\"><a href=\"https:\/\/allerretour-luxembourg.sumupstore.com\/\"><img loading=\"lazy\" decoding=\"async\" width=\"1024\" height=\"493\" src=\"http:\/\/kapitaenmullebutz.lu\/wp-content\/uploads\/2022\/11\/Screenshot-2022-10-31-at-19.53.00-1-1024x493.png\" alt=\"\" class=\"wp-image-1421\" srcset=\"http:\/\/kapitaenmullebutz.lu\/wp-content\/uploads\/2022\/11\/Screenshot-2022-10-31-at-19.53.00-1-1024x493.png 1024w, http:\/\/kapitaenmullebutz.lu\/wp-content\/uploads\/2022\/11\/Screenshot-2022-10-31-at-19.53.00-1-300x144.png 300w, http:\/\/kapitaenmullebutz.lu\/wp-content\/uploads\/2022\/11\/Screenshot-2022-10-31-at-19.53.00-1-768x370.png 768w, http:\/\/kapitaenmullebutz.lu\/wp-content\/uploads\/2022\/11\/Screenshot-2022-10-31-at-19.53.00-1-1536x739.png 1536w, http:\/\/kapitaenmullebutz.lu\/wp-content\/uploads\/2022\/11\/Screenshot-2022-10-31-at-19.53.00-1-2048x986.png 2048w, http:\/\/kapitaenmullebutz.lu\/wp-content\/uploads\/2022\/11\/Screenshot-2022-10-31-at-19.53.00-1-500x241.png 500w\" sizes=\"auto, (max-width: 1024px) 100vw, 1024px\" \/><\/a><\/figure><\/div>\n\n\n<p>Produktioun: <strong>AllerRetourLuxembourg asbl, Philharmonie Luxembourg<\/strong><\/p>\n\n\n\n<p>Koproduktioun: <strong>Escher Theater, Aalt Stadhaus Differdange, Trifolion Iechternach.<\/strong><\/p>\n\n\n\n<p><strong>Mat der \u00cbnnerst\u00ebtzung vum Minist\u00e8re de la Culture a vun der Sacem.<\/strong><\/p>\n","protected":false},"excerpt":{"rendered":"<p>Lauschtert den 29.11.2024 d&#8217;Kannerradionuecht um Radio 100,7. De Kapit\u00e4n Mullebutz ass Iwwerraschungsgaascht! Vill\u00e4icht spillt hien en neit Lidd op senger Ukulele?! Info: https:\/\/www.kannerradionuecht.lu DE NEIEN ALBUM ASS DO: DE KAPIT\u00c4N MULLEBUTZ A SENG S\u00c9ISSWAASSERMATROUSEN SI SCHNEEKEG! LIDDER FIR ZE SCHNEEKEN, &hellip; <a href=\"http:\/\/kapitaenmullebutz.lu\/?page_id=1397\">Weiterlesen <span class=\"meta-nav\">&rarr;<\/span><\/a><\/p>\n","protected":false},"author":1,"featured_media":0,"parent":0,"menu_order":0,"comment_status":"closed","ping_status":"closed","template":"","meta":{"footnotes":""},"class_list":["post-1397","page","type-page","status-publish","hentry"],"_links":{"self":[{"href":"http:\/\/kapitaenmullebutz.lu\/index.php?rest_route=\/wp\/v2\/pages\/1397","targetHints":{"allow":["GET"]}}],"collection":[{"href":"http:\/\/kapitaenmullebutz.lu\/index.php?rest_route=\/wp\/v2\/pages"}],"about":[{"href":"http:\/\/kapitaenmullebutz.lu\/index.php?rest_route=\/wp\/v2\/types\/page"}],"author":[{"embeddable":true,"href":"http:\/\/kapitaenmullebutz.lu\/index.php?rest_route=\/wp\/v2\/users\/1"}],"replies":[{"embeddable":true,"href":"http:\/\/kapitaenmullebutz.lu\/index.php?rest_route=%2Fwp%2Fv2%2Fcomments&post=1397"}],"version-history":[{"count":4,"href":"http:\/\/kapitaenmullebutz.lu\/index.php?rest_route=\/wp\/v2\/pages\/1397\/revisions"}],"predecessor-version":[{"id":1861,"href":"http:\/\/kapitaenmullebutz.lu\/index.php?rest_route=\/wp\/v2\/pages\/1397\/revisions\/1861"}],"wp:attachment":[{"href":"http:\/\/kapitaenmullebutz.lu\/index.php?rest_route=%2Fwp%2Fv2%2Fmedia&parent=1397"}],"curies":[{"name":"wp","href":"https:\/\/api.w.org\/{rel}","templated":true}]}}